{"id":144925,"date":"2017-03-31T15:42:12","date_gmt":"2017-03-31T15:42:12","guid":{"rendered":"http:\/\/ecolecaritas.be\/new\/?page_id=144925"},"modified":"2025-09-07T19:51:56","modified_gmt":"2025-09-07T17:51:56","slug":"repas-chauds","status":"publish","type":"page","link":"https:\/\/ecolecaritas.be\/new\/repas-chauds\/","title":{"rendered":"Repas chauds"},"content":{"rendered":"<p>Les repas seront livr\u00e9s par la soci\u00e9t\u00e9 TCO.<\/p>\n<p>Au menu dans les jours qui viennent? Cliquez et&#8230; bon app\u00e9tit!\u00a0<\/p>\n\n\n<div data-wp-interactive=\"core\/file\" class=\"wp-block-file\"><object data-wp-bind--hidden=\"!state.hasPdfPreview\" hidden class=\"wp-block-file__embed\" data=\"https:\/\/ecolecaritas.be\/new\/wp-content\/uploads\/2025\/09\/4J-JV-SF-MENU-SEPTEMBRE-2025_Deel2.pdf\" type=\"application\/pdf\" style=\"width:100%;height:600px\" aria-label=\"Contenu embarqu\u00e9 4J JV SF MENU SEPTEMBRE 2025_Deel2.\"><\/object><a id=\"wp-block-file--media-8829a33e-5855-418c-bc13-31d1cfa8e9ed\" href=\"https:\/\/ecolecaritas.be\/new\/wp-content\/uploads\/2025\/09\/4J-JV-SF-MENU-SEPTEMBRE-2025_Deel2.pdf\">4J JV SF MENU SEPTEMBRE 2025_Deel2<\/a><a href=\"https:\/\/ecolecaritas.be\/new\/wp-content\/uploads\/2025\/09\/4J-JV-SF-MENU-SEPTEMBRE-2025_Deel2.pdf\" class=\"wp-block-file__button wp-element-button\" download aria-describedby=\"wp-block-file--media-8829a33e-5855-418c-bc13-31d1cfa8e9ed\">Download<\/a><\/div>\n\n\n\n<div data-wp-interactive=\"core\/file\" class=\"wp-block-file\"><object data-wp-bind--hidden=\"!state.hasPdfPreview\" hidden class=\"wp-block-file__embed\" data=\"https:\/\/ecolecaritas.be\/new\/wp-content\/uploads\/2025\/09\/4J-JV-SF-MENU-SEPTEMBRE-2025_Deel1.pdf\" type=\"application\/pdf\" style=\"width:100%;height:600px\" aria-label=\"Contenu embarqu\u00e9 4J JV SF MENU SEPTEMBRE 2025_Deel1.\"><\/object><a id=\"wp-block-file--media-21b6493e-9429-46cc-bf93-3ac80386e145\" href=\"https:\/\/ecolecaritas.be\/new\/wp-content\/uploads\/2025\/09\/4J-JV-SF-MENU-SEPTEMBRE-2025_Deel1.pdf\">4J JV SF MENU SEPTEMBRE 2025_Deel1<\/a><a href=\"https:\/\/ecolecaritas.be\/new\/wp-content\/uploads\/2025\/09\/4J-JV-SF-MENU-SEPTEMBRE-2025_Deel1.pdf\" class=\"wp-block-file__button wp-element-button\" download aria-describedby=\"wp-block-file--media-21b6493e-9429-46cc-bf93-3ac80386e145\">Download<\/a><\/div>\n","protected":false},"excerpt":{"rendered":"<div class=\"mh-excerpt\"><p>Les repas seront livr\u00e9s par la soci\u00e9t\u00e9 TCO. Au menu dans les jours qui viennent? Cliquez et&#8230; bon app\u00e9tit!\u00a0<\/p>\n<\/div>","protected":false},"author":1,"featured_media":0,"parent":0,"menu_order":0,"comment_status":"closed","ping_status":"closed","template":"","meta":{"footnotes":""},"class_list":["post-144925","page","type-page","status-publish","hentry"],"_links":{"self":[{"href":"https:\/\/ecolecaritas.be\/new\/wp-json\/wp\/v2\/pages\/144925","targetHints":{"allow":["GET"]}}],"collection":[{"href":"https:\/\/ecolecaritas.be\/new\/wp-json\/wp\/v2\/pages"}],"about":[{"href":"https:\/\/ecolecaritas.be\/new\/wp-json\/wp\/v2\/types\/page"}],"author":[{"embeddable":true,"href":"https:\/\/ecolecaritas.be\/new\/wp-json\/wp\/v2\/users\/1"}],"replies":[{"embeddable":true,"href":"https:\/\/ecolecaritas.be\/new\/wp-json\/wp\/v2\/comments?post=144925"}],"version-history":[{"count":53,"href":"https:\/\/ecolecaritas.be\/new\/wp-json\/wp\/v2\/pages\/144925\/revisions"}],"predecessor-version":[{"id":163078,"href":"https:\/\/ecolecaritas.be\/new\/wp-json\/wp\/v2\/pages\/144925\/revisions\/163078"}],"wp:attachment":[{"href":"https:\/\/ecolecaritas.be\/new\/wp-json\/wp\/v2\/media?parent=144925"}],"curies":[{"name":"wp","href":"https:\/\/api.w.org\/{rel}","templated":true}]}}